{"id":30572,"date":"2023-01-17T16:19:10","date_gmt":"2023-01-17T14:19:10","guid":{"rendered":"https:\/\/priceless-taussig.185-125-174-90.plesk.page\/histoires\/"},"modified":"2026-01-21T16:49:42","modified_gmt":"2026-01-21T14:49:42","slug":"histoires","status":"publish","type":"page","link":"https:\/\/www.wyssenavalanche.com\/fr\/histoires\/","title":{"rendered":"Histoires"},"content":{"rendered":"\t\t<div data-elementor-type=\"wp-page\" data-elementor-id=\"30572\" class=\"elementor elementor-30572 elementor-25681\" data-elementor-post-type=\"page\">\n\t\t\t\t\t\t<section class=\"elementor-section elementor-top-section elementor-element elementor-element-35e29291 elementor-section-stretched elementor-section-boxed elementor-section-height-default elementor-section-height-default\" data-id=\"35e29291\" data-element_type=\"section\" data-e-type=\"section\" data-settings=\"{&quot;stretch_section&quot;:&quot;section-stretched&quot;,&quot;background_background&quot;:&quot;classic&quot;}\">\n\t\t\t\t\t\t<div class=\"elementor-container elementor-column-gap-default\">\n\t\t\t\t\t<div class=\"elementor-column elementor-col-100 elementor-top-column elementor-element elementor-element-4e6a2b39\" data-id=\"4e6a2b39\" data-element_type=\"column\" data-e-type=\"column\" data-settings=\"{&quot;background_background&quot;:&quot;classic&quot;}\">\n\t\t\t<div class=\"elementor-widget-wrap elementor-element-populated\">\n\t\t\t\t\t\t\t<\/div>\n\t\t<\/div>\n\t\t\t\t\t<\/div>\n\t\t<\/section>\n\t\t\t\t<section class=\"elementor-section elementor-top-section elementor-element elementor-element-67d855b5 elementor-section-full_width elementor-section-stretched elementor-section-height-default elementor-section-height-default\" data-id=\"67d855b5\" data-element_type=\"section\" data-e-type=\"section\" data-settings=\"{&quot;stretch_section&quot;:&quot;section-stretched&quot;}\">\n\t\t\t\t\t\t<div class=\"elementor-container elementor-column-gap-default\">\n\t\t\t\t\t<div class=\"elementor-column elementor-col-100 elementor-top-column elementor-element elementor-element-4c589fc3\" data-id=\"4c589fc3\" data-element_type=\"column\" data-e-type=\"column\">\n\t\t\t<div class=\"elementor-widget-wrap elementor-element-populated\">\n\t\t\t\t\t\t<div class=\"elementor-element elementor-element-10b20dd6 elementor--h-position-center elementor--v-position-middle elementor-arrows-position-inside elementor-pagination-position-inside elementor-widget elementor-widget-slides\" data-id=\"10b20dd6\" data-element_type=\"widget\" data-e-type=\"widget\" data-settings=\"{&quot;navigation&quot;:&quot;both&quot;,&quot;autoplay&quot;:&quot;yes&quot;,&quot;pause_on_hover&quot;:&quot;yes&quot;,&quot;pause_on_interaction&quot;:&quot;yes&quot;,&quot;autoplay_speed&quot;:5000,&quot;infinite&quot;:&quot;yes&quot;,&quot;transition&quot;:&quot;slide&quot;,&quot;transition_speed&quot;:500}\" data-widget_type=\"slides.default\">\n\t\t\t\t<div class=\"elementor-widget-container\">\n\t\t\t\t\t\t\t\t\t<div class=\"elementor-swiper\">\n\t\t\t\t\t<div class=\"elementor-slides-wrapper elementor-main-swiper swiper\" role=\"region\" aria-roledescription=\"carousel\" aria-label=\"Slider\" dir=\"ltr\" data-animation=\"fadeInUp\">\n\t\t\t\t<div class=\"swiper-wrapper elementor-slides\">\n\t\t\t\t\t\t\t\t\t\t<div class=\"elementor-repeater-item-e618c84 swiper-slide\" role=\"group\" aria-roledescription=\"slide\"><div class=\"swiper-slide-bg elementor-ken-burns elementor-ken-burns--in\" role=\"img\" aria-label=\"Story_slider_halld\"><\/div><a class=\"swiper-slide-inner\" href=\"https:\/\/www.wyssenavalanche.com\/fr\/nouvelle-halle-d-une-etape-importante-pour-lavenir\/\"><div class=\"swiper-slide-contents\"><div class=\"elementor-slide-heading\">Nouvelle halle D<\/div><div class=\"elementor-slide-description\"><p><b> Une \u00e9tape importante pour l\u2019avenir<\/p>\n<\/div><div  class=\"elementor-button elementor-slide-button elementor-size-sm\">Toutes les informations<\/div><\/div><\/a><\/div><div class=\"elementor-repeater-item-08cd65e swiper-slide\" role=\"group\" aria-roledescription=\"slide\"><div class=\"swiper-slide-bg elementor-ken-burns elementor-ken-burns--in\" role=\"img\" aria-label=\"iso27001_slider\"><\/div><a class=\"swiper-slide-inner\" href=\"https:\/\/www.wyssenavalanche.com\/fr\/une-etape-importante-franchie-certification-iso-27001\/\"><div class=\"swiper-slide-contents\"><div class=\"elementor-slide-heading\">Une \u00e9tape importante franchie: ISO 27001<\/div><div class=\"elementor-slide-description\"><p><b>Certification s\u00e9curit\u00e9 de l'information<\/p>\n<\/div><div  class=\"elementor-button elementor-slide-button elementor-size-sm\">Toutes les informations<\/div><\/div><\/a><\/div><div class=\"elementor-repeater-item-923ea6d swiper-slide\" role=\"group\" aria-roledescription=\"slide\"><div class=\"swiper-slide-bg elementor-ken-burns elementor-ken-burns--in\" role=\"img\" aria-label=\"lawine_slider_2024\"><\/div><a class=\"swiper-slide-inner\" href=\"https:\/\/www.wyssenavalanche.com\/fr\/bilan-de-lhiver-2024-25\/\"><div class=\"swiper-slide-contents\"><div class=\"elementor-slide-heading\">Bilan de l\u2019hiver 2024\/25<\/div><div class=\"elementor-slide-description\"><p><b>4'475 explosions et <\/br> pr\u00e8s de 2'000 d\u00e9tections d\u2019avalanches dans le monde entier<\/p>\n<\/div><div  class=\"elementor-button elementor-slide-button elementor-size-sm\">Toutes les informations<\/div><\/div><\/a><\/div><div class=\"elementor-repeater-item-cb9f64c swiper-slide\" role=\"group\" aria-roledescription=\"slide\"><div class=\"swiper-slide-bg elementor-ken-burns elementor-ken-burns--in\" role=\"img\" aria-label=\"snowbird_slider\"><\/div><a class=\"swiper-slide-inner\" href=\"https:\/\/www.wyssenavalanche.com\/fr\/les-mats-de-declenchement-davalanche-wyssen-ouvrent-plus-tot-les-pistes-de-ski-a-snowbird\/\"><div class=\"swiper-slide-contents\"><div class=\"elementor-slide-heading\">Les m\u00e2ts de d\u00e9clenchement d'avalanche Wyssen permettent l'ouverture rapide des pistes de ski de Snowbird (Utah) <\/div><div  class=\"elementor-button elementor-slide-button elementor-size-sm\">PROJET<\/div><\/div><\/a><\/div><div class=\"elementor-repeater-item-70d5cf6 swiper-slide\" role=\"group\" aria-roledescription=\"slide\"><div class=\"swiper-slide-bg elementor-ken-burns elementor-ken-burns--in\" role=\"img\" aria-label=\"schattanbachlawine_bau\"><\/div><a class=\"swiper-slide-inner\" href=\"https:\/\/www.youtube.com\/watch?v=F_K6sGKccGU\" target=\"_blank\"><div class=\"swiper-slide-contents\"><div class=\"elementor-slide-heading\">Construction &amp; Installation Avalanche du Schattenbach <\/div><div class=\"elementor-slide-description\"><p>7x m\u00e2ts de d\u00e9clenchement d'avalanches Wyssen<\/br><br \/>\nCommune de Walenstadt<\/p>\n<\/div><div  class=\"elementor-button elementor-slide-button elementor-size-sm\">VID\u00c9O<\/div><\/div><\/a><\/div><div class=\"elementor-repeater-item-995e087 swiper-slide\" role=\"group\" aria-roledescription=\"slide\"><div class=\"swiper-slide-bg elementor-ken-burns elementor-ken-burns--in\" role=\"img\" aria-label=\"gleitschnee\"><\/div><a class=\"swiper-slide-inner\" href=\"https:\/\/www.wyssenavalanche.com\/fr\/les-reptations-enquete-aupres-des-praticiens-nouvelles-technologies-pour-un-declenchement-controle\/\"><div class=\"swiper-slide-contents\"><div class=\"elementor-slide-heading\">Neige glissante - Enqu\u00eate aupr\u00e8s des praticiens &amp; Nouvelles technologies pour un d\u00e9clenchement contr\u00f4l\u00e9<\/div><div  class=\"elementor-button elementor-slide-button elementor-size-sm\">NOUVEAUT\u00c9S<\/div><\/div><\/a><\/div><div class=\"elementor-repeater-item-45abf49 swiper-slide\" role=\"group\" aria-roledescription=\"slide\"><div class=\"swiper-slide-bg elementor-ken-burns elementor-ken-burns--in\" role=\"img\" aria-label=\"wyssen_avalanche_control_movie\"><\/div><a class=\"swiper-slide-inner\" href=\"https:\/\/www.youtube.com\/watch?v=ZGvQN1tb21E\" target=\"_blank\"><div class=\"swiper-slide-contents\"><div class=\"elementor-slide-heading\">Wyssen Avalanche Control<\/div><div class=\"elementor-slide-description\"><p>La r\u00e9f\u00e9rence pour la gestion op\u00e9rationnelle <\/br>du risque d'avalanche !<\/p>\n<\/div><div  class=\"elementor-button elementor-slide-button elementor-size-sm\">VID\u00c9O<\/div><\/div><\/a><\/div><div class=\"elementor-repeater-item-661103f swiper-slide\" role=\"group\" aria-roledescription=\"slide\"><div class=\"swiper-slide-bg elementor-ken-burns elementor-ken-burns--in\" role=\"img\" aria-label=\"2k_ladung_movie\"><\/div><a class=\"swiper-slide-inner\" href=\"https:\/\/www.youtube.com\/watch?v=nEVSMLtK88Y&#038;t\" target=\"_blank\"><div class=\"swiper-slide-contents\"><div class=\"elementor-slide-heading\">Charge Wyssen 2K<sup>\u00ae<\/sup><\/div><div class=\"elementor-slide-description\"><p>Minage sans explosifs<\/p>\n<\/div><div  class=\"elementor-button elementor-slide-button elementor-size-sm\">VID\u00c9O<\/div><\/div><\/a><\/div><div class=\"elementor-repeater-item-d4f3b29 swiper-slide\" role=\"group\" aria-roledescription=\"slide\"><div class=\"swiper-slide-bg elementor-ken-burns elementor-ken-burns--in\" role=\"img\" aria-label=\"raiffeisen_unternehmerpreis\"><\/div><a class=\"swiper-slide-inner\" href=\"https:\/\/www.youtube.com\/watch?v=__tDR1n6JSw\" target=\"_blank\"><div class=\"swiper-slide-contents\"><div class=\"elementor-slide-heading\">Prix de l'Entreprise Raiffeisen Espace Mittelland 2021<\/div><div class=\"elementor-slide-description\"><p>Finaliste Wyssen Avalanche Control AG<\/p>\n<\/div><div  class=\"elementor-button elementor-slide-button elementor-size-sm\">VID\u00c9O<\/div><\/div><\/a><\/div>\t\t\t\t<\/div>\n\t\t\t\t\t\t\t\t\t\t\t\t\t\t\t<div class=\"elementor-swiper-button elementor-swiper-button-prev\" role=\"button\" tabindex=\"0\" aria-label=\"Diapositive pr\u00e9c\u00e9dente\">\n\t\t\t\t\t\t\t<i aria-hidden=\"true\" class=\"eicon-chevron-left\"><\/i>\t\t\t\t\t\t<\/div>\n\t\t\t\t\t\t<div class=\"elementor-swiper-button elementor-swiper-button-next\" role=\"button\" tabindex=\"0\" aria-label=\"Diapositive suivante\">\n\t\t\t\t\t\t\t<i aria-hidden=\"true\" class=\"eicon-chevron-right\"><\/i>\t\t\t\t\t\t<\/div>\n\t\t\t\t\t\t\t\t\t\t\t\t\t\t\t\t<div class=\"swiper-pagination\"><\/div>\n\t\t\t\t\t\t\t\t\t\t\t\t<\/div>\n\t\t\t\t<\/div>\n\t\t\t\t\t\t\t\t<\/div>\n\t\t\t\t<\/div>\n\t\t\t\t\t<\/div>\n\t\t<\/div>\n\t\t\t\t\t<\/div>\n\t\t<\/section>\n\t\t\t\t<section class=\"elementor-section elementor-top-section elementor-element elementor-element-5adb77d elementor-section-stretched elementor-section-boxed elementor-section-height-default elementor-section-height-default\" data-id=\"5adb77d\" data-element_type=\"section\" data-e-type=\"section\" data-settings=\"{&quot;stretch_section&quot;:&quot;section-stretched&quot;,&quot;background_background&quot;:&quot;classic&quot;}\">\n\t\t\t\t\t\t\t<div class=\"elementor-background-overlay\"><\/div>\n\t\t\t\t\t\t\t<div class=\"elementor-container elementor-column-gap-default\">\n\t\t\t\t\t<div class=\"elementor-column elementor-col-100 elementor-top-column elementor-element elementor-element-1e4ffe5\" data-id=\"1e4ffe5\" data-element_type=\"column\" data-e-type=\"column\">\n\t\t\t<div class=\"elementor-widget-wrap elementor-element-populated\">\n\t\t\t\t\t\t<div class=\"elementor-element elementor-element-e8eaa66 elementor-widget elementor-widget-spacer\" data-id=\"e8eaa66\" data-element_type=\"widget\" data-e-type=\"widget\" data-widget_type=\"spacer.default\">\n\t\t\t\t<div class=\"elementor-widget-container\">\n\t\t\t\t\t\t\t<div class=\"elementor-spacer\">\n\t\t\t<div class=\"elementor-spacer-inner\"><\/div>\n\t\t<\/div>\n\t\t\t\t\t\t<\/div>\n\t\t\t\t<\/div>\n\t\t\t\t<div class=\"elementor-element elementor-element-f29c990 elementor-widget elementor-widget-heading\" data-id=\"f29c990\" data-element_type=\"widget\" data-e-type=\"widget\" data-widget_type=\"heading.default\">\n\t\t\t\t<div class=\"elementor-widget-container\">\n\t\t\t\t\t<h2 class=\"elementor-heading-title elementor-size-default\">Nos derni\u00e8res histoires...<\/h2>\t\t\t\t<\/div>\n\t\t\t\t<\/div>\n\t\t\t\t<div class=\"elementor-element elementor-element-822e166 elementor-align-right elementor-widget elementor-widget-button\" data-id=\"822e166\" data-element_type=\"widget\" data-e-type=\"widget\" data-widget_type=\"button.default\">\n\t\t\t\t<div class=\"elementor-widget-container\">\n\t\t\t\t\t\t\t\t\t<div class=\"elementor-button-wrapper\">\n\t\t\t\t\t<a class=\"elementor-button elementor-button-link elementor-size-md\" href=\"https:\/\/www.youtube.com\/wyssenavalanche\" target=\"_blank\">\n\t\t\t\t\t\t<span class=\"elementor-button-content-wrapper\">\n\t\t\t\t\t\t<span class=\"elementor-button-icon\">\n\t\t\t\t<i aria-hidden=\"true\" class=\"fas fa-angle-double-right\"><\/i>\t\t\t<\/span>\n\t\t\t\t\t\t\t\t\t<span class=\"elementor-button-text\">Regarder toutes les vid\u00e9os<\/span>\n\t\t\t\t\t<\/span>\n\t\t\t\t\t<\/a>\n\t\t\t\t<\/div>\n\t\t\t\t\t\t\t\t<\/div>\n\t\t\t\t<\/div>\n\t\t\t\t<div class=\"elementor-element elementor-element-b62d79b elementor-widget elementor-widget-spacer\" data-id=\"b62d79b\" data-element_type=\"widget\" data-e-type=\"widget\" data-widget_type=\"spacer.default\">\n\t\t\t\t<div class=\"elementor-widget-container\">\n\t\t\t\t\t\t\t<div class=\"elementor-spacer\">\n\t\t\t<div class=\"elementor-spacer-inner\"><\/div>\n\t\t<\/div>\n\t\t\t\t\t\t<\/div>\n\t\t\t\t<\/div>\n\t\t\t\t<div class=\"elementor-element elementor-element-b540654 elementor-grid-2 elementor-grid-tablet-2 elementor-grid-mobile-1 elementor-posts--thumbnail-top elementor-posts--show-avatar elementor-card-shadow-yes elementor-posts__hover-gradient elementor-widget elementor-widget-posts\" data-id=\"b540654\" data-element_type=\"widget\" data-e-type=\"widget\" data-settings=\"{&quot;cards_columns&quot;:&quot;2&quot;,&quot;pagination_type&quot;:&quot;load_more_infinite_scroll&quot;,&quot;cards_columns_tablet&quot;:&quot;2&quot;,&quot;cards_columns_mobile&quot;:&quot;1&quot;,&quot;cards_row_gap&quot;:{&quot;unit&quot;:&quot;px&quot;,&quot;size&quot;:35,&quot;sizes&quot;:[]},&quot;cards_row_gap_tablet&quot;:{&quot;unit&quot;:&quot;px&quot;,&quot;size&quot;:&quot;&quot;,&quot;sizes&quot;:[]},&quot;cards_row_gap_mobile&quot;:{&quot;unit&quot;:&quot;px&quot;,&quot;size&quot;:&quot;&quot;,&quot;sizes&quot;:[]},&quot;load_more_spinner&quot;:{&quot;value&quot;:&quot;fas fa-spinner&quot;,&quot;library&quot;:&quot;fa-solid&quot;}}\" data-widget_type=\"posts.cards\">\n\t\t\t\t<div class=\"elementor-widget-container\">\n\t\t\t\t\t\t\t<div class=\"elementor-posts-container elementor-posts elementor-posts--skin-cards elementor-grid\" role=\"list\">\n\t\t\t\t<article class=\"elementor-post elementor-grid-item post-41866 post type-post status-publish format-standard has-post-thumbnail hentry category-nouveautes\" role=\"listitem\">\n\t\t\t<div class=\"elementor-post__card\">\n\t\t\t\t<a class=\"elementor-post__thumbnail__link\" href=\"https:\/\/www.wyssenavalanche.com\/fr\/detection-des-avalanches-pour-les-jeux-olympiques-dhiver-a-livigno\/\" tabindex=\"-1\" ><div class=\"elementor-post__thumbnail\"><img fetchpriority=\"high\" decoding=\"async\" width=\"1920\" height=\"1280\" src=\"https:\/\/www.wyssenavalanche.com\/wp-content\/uploads\/2026\/02\/livigno_6.jpg\" class=\"attachment-full size-full wp-image-41863\" alt=\"\" srcset=\"https:\/\/www.wyssenavalanche.com\/wp-content\/uploads\/2026\/02\/livigno_6.jpg 1920w, https:\/\/www.wyssenavalanche.com\/wp-content\/uploads\/2026\/02\/livigno_6-300x200.jpg 300w, https:\/\/www.wyssenavalanche.com\/wp-content\/uploads\/2026\/02\/livigno_6-1024x683.jpg 1024w, https:\/\/www.wyssenavalanche.com\/wp-content\/uploads\/2026\/02\/livigno_6-768x512.jpg 768w, https:\/\/www.wyssenavalanche.com\/wp-content\/uploads\/2026\/02\/livigno_6-1536x1024.jpg 1536w\" sizes=\"(max-width: 1920px) 100vw, 1920px\" \/><\/div><\/a>\n\t\t\t\t<div class=\"elementor-post__badge\">Nouveaut\u00e9s<\/div>\n\t\t\t\t<div class=\"elementor-post__avatar\">\n\t\t\t<img alt='Nicole Schmid' src='https:\/\/secure.gravatar.com\/avatar\/18b0862fd949ab4e8c6bdd1447bc885b83696a8e9f22e8f0e00018ca7cec2302?s=128&#038;d=mm&#038;r=g' srcset='https:\/\/secure.gravatar.com\/avatar\/18b0862fd949ab4e8c6bdd1447bc885b83696a8e9f22e8f0e00018ca7cec2302?s=256&#038;d=mm&#038;r=g 2x' class='avatar avatar-128 photo' height='128' width='128' \/>\t\t<\/div>\n\t\t\t\t<div class=\"elementor-post__text\">\n\t\t\t\t<h3 class=\"elementor-post__title\">\n\t\t\t<a href=\"https:\/\/www.wyssenavalanche.com\/fr\/detection-des-avalanches-pour-les-jeux-olympiques-dhiver-a-livigno\/\" >\n\t\t\t\tD\u00e9tection des avalanches pour les Jeux olympiques d&rsquo;hiver \u00e0 Livigno\t\t\t<\/a>\n\t\t<\/h3>\n\t\t\t\t<div class=\"elementor-post__excerpt\">\n\t\t\t<p>Livigno, dans les Alpes italiennes, est l&rsquo;un des sites centraux des Jeux olympiques d&rsquo;hiver de Milan-Cortina 2026. Afin de s\u00e9curiser les routes d&rsquo;acc\u00e8s, un syst\u00e8me moderne de d\u00e9tection des avalanches a \u00e9t\u00e9 install\u00e9. Il combine des capteurs sismiques et infrasoniques et d\u00e9clenche automatiquement des mesures d&rsquo;alerte en cas d&rsquo;\u00e9v\u00e9nements majeurs. Nous apportons ainsi une contribution importante \u00e0 la s\u00e9curit\u00e9 et au succ\u00e8s des Jeux olympiques d&rsquo;hiver. [&#8230;]   <\/p>\n\t\t<\/div>\n\t\t\t\t\t<div class=\"elementor-post__read-more-wrapper\">\n\t\t\n\t\t<a class=\"elementor-post__read-more\" href=\"https:\/\/www.wyssenavalanche.com\/fr\/detection-des-avalanches-pour-les-jeux-olympiques-dhiver-a-livigno\/\" aria-label=\"En savoir plus sur D\u00e9tection des avalanches pour les Jeux olympiques d&rsquo;hiver \u00e0 Livigno\" tabindex=\"-1\" >\n\t\t\tLire la suite \u00bb\t\t<\/a>\n\n\t\t\t\t\t<\/div>\n\t\t\t\t<\/div>\n\t\t\t\t<div class=\"elementor-post__meta-data\">\n\t\t\t\t\t<span class=\"elementor-post-date\">\n\t\t\t3 f\u00e9vrier 2026\t\t<\/span>\n\t\t\t\t<\/div>\n\t\t\t\t\t<\/div>\n\t\t<\/article>\n\t\t\t\t<article class=\"elementor-post elementor-grid-item post-41597 post type-post status-publish format-standard has-post-thumbnail hentry category-projet\" role=\"listitem\">\n\t\t\t<div class=\"elementor-post__card\">\n\t\t\t\t<a class=\"elementor-post__thumbnail__link\" href=\"https:\/\/www.wyssenavalanche.com\/fr\/bulletin-avalanche-specifique-au-site-dans-la-commune-de-tromsoe-experiences-de-2025\/\" tabindex=\"-1\" ><div class=\"elementor-post__thumbnail\"><img decoding=\"async\" width=\"1920\" height=\"1280\" src=\"https:\/\/www.wyssenavalanche.com\/wp-content\/uploads\/2026\/01\/tromso3-1.jpg\" class=\"attachment-full size-full wp-image-41526\" alt=\"\" srcset=\"https:\/\/www.wyssenavalanche.com\/wp-content\/uploads\/2026\/01\/tromso3-1.jpg 1920w, https:\/\/www.wyssenavalanche.com\/wp-content\/uploads\/2026\/01\/tromso3-1-300x200.jpg 300w, https:\/\/www.wyssenavalanche.com\/wp-content\/uploads\/2026\/01\/tromso3-1-1024x683.jpg 1024w, https:\/\/www.wyssenavalanche.com\/wp-content\/uploads\/2026\/01\/tromso3-1-768x512.jpg 768w, https:\/\/www.wyssenavalanche.com\/wp-content\/uploads\/2026\/01\/tromso3-1-1536x1024.jpg 1536w\" sizes=\"(max-width: 1920px) 100vw, 1920px\" \/><\/div><\/a>\n\t\t\t\t<div class=\"elementor-post__badge\">Projet<\/div>\n\t\t\t\t<div class=\"elementor-post__avatar\">\n\t\t\t<img alt='Nicole Schmid' src='https:\/\/secure.gravatar.com\/avatar\/18b0862fd949ab4e8c6bdd1447bc885b83696a8e9f22e8f0e00018ca7cec2302?s=128&#038;d=mm&#038;r=g' srcset='https:\/\/secure.gravatar.com\/avatar\/18b0862fd949ab4e8c6bdd1447bc885b83696a8e9f22e8f0e00018ca7cec2302?s=256&#038;d=mm&#038;r=g 2x' class='avatar avatar-128 photo' height='128' width='128' \/>\t\t<\/div>\n\t\t\t\t<div class=\"elementor-post__text\">\n\t\t\t\t<h3 class=\"elementor-post__title\">\n\t\t\t<a href=\"https:\/\/www.wyssenavalanche.com\/fr\/bulletin-avalanche-specifique-au-site-dans-la-commune-de-tromsoe-experiences-de-2025\/\" >\n\t\t\t\tBulletin avalanche sp\u00e9cifique au site dans la commune de Troms\u00f8 \u2013 Exp\u00e9riences de 2025\t\t\t<\/a>\n\t\t<\/h3>\n\t\t\t\t<div class=\"elementor-post__excerpt\">\n\t\t\t<p>Le cycle d\u2018avalanches du 15 au 21 mars 2025 a \u00e9t\u00e9 le plus long et le plus complexe depuis le d\u00e9but de notre activit\u00e9 dans le domaine des alertes avalanches sp\u00e9cifiques \u00e0 la commune de Troms\u00f8. [&#8230;]<\/p>\n\t\t<\/div>\n\t\t\t\t\t<div class=\"elementor-post__read-more-wrapper\">\n\t\t\n\t\t<a class=\"elementor-post__read-more\" href=\"https:\/\/www.wyssenavalanche.com\/fr\/bulletin-avalanche-specifique-au-site-dans-la-commune-de-tromsoe-experiences-de-2025\/\" aria-label=\"En savoir plus sur Bulletin avalanche sp\u00e9cifique au site dans la commune de Troms\u00f8 \u2013 Exp\u00e9riences de 2025\" tabindex=\"-1\" >\n\t\t\tLire la suite \u00bb\t\t<\/a>\n\n\t\t\t\t\t<\/div>\n\t\t\t\t<\/div>\n\t\t\t\t<div class=\"elementor-post__meta-data\">\n\t\t\t\t\t<span class=\"elementor-post-date\">\n\t\t\t26 janvier 2026\t\t<\/span>\n\t\t\t\t<\/div>\n\t\t\t\t\t<\/div>\n\t\t<\/article>\n\t\t\t\t<article class=\"elementor-post elementor-grid-item post-41277 post type-post status-publish format-standard has-post-thumbnail hentry category-non-classifiee\" role=\"listitem\">\n\t\t\t<div class=\"elementor-post__card\">\n\t\t\t\t<a class=\"elementor-post__thumbnail__link\" href=\"https:\/\/www.wyssenavalanche.com\/fr\/nouvelle-halle-d-une-etape-importante-pour-lavenir\/\" tabindex=\"-1\" ><div class=\"elementor-post__thumbnail\"><img decoding=\"async\" width=\"960\" height=\"540\" src=\"https:\/\/www.wyssenavalanche.com\/wp-content\/uploads\/2025\/12\/spatenstich.jpg\" class=\"attachment-full size-full wp-image-41276\" alt=\"\" srcset=\"https:\/\/www.wyssenavalanche.com\/wp-content\/uploads\/2025\/12\/spatenstich.jpg 960w, https:\/\/www.wyssenavalanche.com\/wp-content\/uploads\/2025\/12\/spatenstich-300x169.jpg 300w, https:\/\/www.wyssenavalanche.com\/wp-content\/uploads\/2025\/12\/spatenstich-768x432.jpg 768w\" sizes=\"(max-width: 960px) 100vw, 960px\" \/><\/div><\/a>\n\t\t\t\t<div class=\"elementor-post__badge\">Non classifi\u00e9(e)<\/div>\n\t\t\t\t<div class=\"elementor-post__avatar\">\n\t\t\t<img alt='Nicole Schmid' src='https:\/\/secure.gravatar.com\/avatar\/18b0862fd949ab4e8c6bdd1447bc885b83696a8e9f22e8f0e00018ca7cec2302?s=128&#038;d=mm&#038;r=g' srcset='https:\/\/secure.gravatar.com\/avatar\/18b0862fd949ab4e8c6bdd1447bc885b83696a8e9f22e8f0e00018ca7cec2302?s=256&#038;d=mm&#038;r=g 2x' class='avatar avatar-128 photo' height='128' width='128' \/>\t\t<\/div>\n\t\t\t\t<div class=\"elementor-post__text\">\n\t\t\t\t<h3 class=\"elementor-post__title\">\n\t\t\t<a href=\"https:\/\/www.wyssenavalanche.com\/fr\/nouvelle-halle-d-une-etape-importante-pour-lavenir\/\" >\n\t\t\t\tNouvelle halle D \u2013 Une \u00e9tape importante pour l&rsquo;avenir\t\t\t<\/a>\n\t\t<\/h3>\n\t\t\t\t<div class=\"elementor-post__excerpt\">\n\t\t\t<p>Ces derni\u00e8res ann\u00e9es, beaucoup de choses ont chang\u00e9 chez Wyssen: gr\u00e2ce \u00e0 de nouveaux produits innovants et \u00e0 la conqu\u00eate de nouveaux march\u00e9s L&rsquo;entreprise a poursuivi sa croissance, ce qui a entra\u00een\u00e9 une augmentation des exigences en mati\u00e8re de production, de montage et de logistique. Afin de pouvoir continuer \u00e0 offrir \u00e0 nos clients une qualit\u00e9 optimale, des d\u00e9lais de livraison courts et des processus optimis\u00e9s, la construction d&rsquo;une nouvelle halle de montage et de stockage a d\u00e9but\u00e9 en octobre 2025.  [\u2026]<\/p>\n\t\t<\/div>\n\t\t\t\t\t<div class=\"elementor-post__read-more-wrapper\">\n\t\t\n\t\t<a class=\"elementor-post__read-more\" href=\"https:\/\/www.wyssenavalanche.com\/fr\/nouvelle-halle-d-une-etape-importante-pour-lavenir\/\" aria-label=\"En savoir plus sur Nouvelle halle D \u2013 Une \u00e9tape importante pour l&rsquo;avenir\" tabindex=\"-1\" >\n\t\t\tLire la suite \u00bb\t\t<\/a>\n\n\t\t\t\t\t<\/div>\n\t\t\t\t<\/div>\n\t\t\t\t<div class=\"elementor-post__meta-data\">\n\t\t\t\t\t<span class=\"elementor-post-date\">\n\t\t\t23 d\u00e9cembre 2025\t\t<\/span>\n\t\t\t\t<\/div>\n\t\t\t\t\t<\/div>\n\t\t<\/article>\n\t\t\t\t<article class=\"elementor-post elementor-grid-item post-39329 post type-post status-publish format-standard has-post-thumbnail hentry category-nouveautes\" role=\"listitem\">\n\t\t\t<div class=\"elementor-post__card\">\n\t\t\t\t<a class=\"elementor-post__thumbnail__link\" href=\"https:\/\/www.wyssenavalanche.com\/fr\/une-etape-importante-franchie-certification-iso-27001\/\" tabindex=\"-1\" ><div class=\"elementor-post__thumbnail\"><img loading=\"lazy\" decoding=\"async\" width=\"1920\" height=\"909\" src=\"https:\/\/www.wyssenavalanche.com\/wp-content\/uploads\/2025\/09\/ISO27001.jpg\" class=\"attachment-full size-full wp-image-39352\" alt=\"\" srcset=\"https:\/\/www.wyssenavalanche.com\/wp-content\/uploads\/2025\/09\/ISO27001.jpg 1920w, https:\/\/www.wyssenavalanche.com\/wp-content\/uploads\/2025\/09\/ISO27001-300x142.jpg 300w, https:\/\/www.wyssenavalanche.com\/wp-content\/uploads\/2025\/09\/ISO27001-1024x485.jpg 1024w, https:\/\/www.wyssenavalanche.com\/wp-content\/uploads\/2025\/09\/ISO27001-768x364.jpg 768w, https:\/\/www.wyssenavalanche.com\/wp-content\/uploads\/2025\/09\/ISO27001-1536x727.jpg 1536w\" sizes=\"(max-width: 1920px) 100vw, 1920px\" \/><\/div><\/a>\n\t\t\t\t<div class=\"elementor-post__badge\">Nouveaut\u00e9s<\/div>\n\t\t\t\t<div class=\"elementor-post__avatar\">\n\t\t\t<img alt='Nicole Schmid' src='https:\/\/secure.gravatar.com\/avatar\/18b0862fd949ab4e8c6bdd1447bc885b83696a8e9f22e8f0e00018ca7cec2302?s=128&#038;d=mm&#038;r=g' srcset='https:\/\/secure.gravatar.com\/avatar\/18b0862fd949ab4e8c6bdd1447bc885b83696a8e9f22e8f0e00018ca7cec2302?s=256&#038;d=mm&#038;r=g 2x' class='avatar avatar-128 photo' height='128' width='128' \/>\t\t<\/div>\n\t\t\t\t<div class=\"elementor-post__text\">\n\t\t\t\t<h3 class=\"elementor-post__title\">\n\t\t\t<a href=\"https:\/\/www.wyssenavalanche.com\/fr\/une-etape-importante-franchie-certification-iso-27001\/\" >\n\t\t\t\tUne \u00e9tape importante franchie: certification ISO 27001\t\t\t<\/a>\n\t\t<\/h3>\n\t\t\t\t<div class=\"elementor-post__excerpt\">\n\t\t\t<p>Avec la norme ISO 27001, nous allons encore plus loin: cette norme reconnue \u00e0 l&rsquo;\u00e9chelle internationale est consid\u00e9r\u00e9e comme un label de qualit\u00e9 en mati\u00e8re de s\u00e9curit\u00e9 de l&rsquo;information. Elle garantit que les donn\u00e9es confidentielles, les processus internes et [&#8230;] <\/p>\n\t\t<\/div>\n\t\t\t\t\t<div class=\"elementor-post__read-more-wrapper\">\n\t\t\n\t\t<a class=\"elementor-post__read-more\" href=\"https:\/\/www.wyssenavalanche.com\/fr\/une-etape-importante-franchie-certification-iso-27001\/\" aria-label=\"En savoir plus sur Une \u00e9tape importante franchie: certification ISO 27001\" tabindex=\"-1\" >\n\t\t\tLire la suite \u00bb\t\t<\/a>\n\n\t\t\t\t\t<\/div>\n\t\t\t\t<\/div>\n\t\t\t\t<div class=\"elementor-post__meta-data\">\n\t\t\t\t\t<span class=\"elementor-post-date\">\n\t\t\t4 septembre 2025\t\t<\/span>\n\t\t\t\t<\/div>\n\t\t\t\t\t<\/div>\n\t\t<\/article>\n\t\t\t\t<article class=\"elementor-post elementor-grid-item post-38995 post type-post status-publish format-standard has-post-thumbnail hentry category-nouveautes\" role=\"listitem\">\n\t\t\t<div class=\"elementor-post__card\">\n\t\t\t\t<a class=\"elementor-post__thumbnail__link\" href=\"https:\/\/www.wyssenavalanche.com\/fr\/bilan-de-lhiver-2024-25\/\" tabindex=\"-1\" ><div class=\"elementor-post__thumbnail\"><img loading=\"lazy\" decoding=\"async\" width=\"800\" height=\"580\" src=\"https:\/\/www.wyssenavalanche.com\/wp-content\/uploads\/2025\/05\/lawine.jpg\" class=\"attachment-full size-full wp-image-39002\" alt=\"\" srcset=\"https:\/\/www.wyssenavalanche.com\/wp-content\/uploads\/2025\/05\/lawine.jpg 800w, https:\/\/www.wyssenavalanche.com\/wp-content\/uploads\/2025\/05\/lawine-300x218.jpg 300w, https:\/\/www.wyssenavalanche.com\/wp-content\/uploads\/2025\/05\/lawine-768x557.jpg 768w\" sizes=\"(max-width: 800px) 100vw, 800px\" \/><\/div><\/a>\n\t\t\t\t<div class=\"elementor-post__badge\">Nouveaut\u00e9s<\/div>\n\t\t\t\t<div class=\"elementor-post__avatar\">\n\t\t\t<img alt='Nicole Schmid' src='https:\/\/secure.gravatar.com\/avatar\/18b0862fd949ab4e8c6bdd1447bc885b83696a8e9f22e8f0e00018ca7cec2302?s=128&#038;d=mm&#038;r=g' srcset='https:\/\/secure.gravatar.com\/avatar\/18b0862fd949ab4e8c6bdd1447bc885b83696a8e9f22e8f0e00018ca7cec2302?s=256&#038;d=mm&#038;r=g 2x' class='avatar avatar-128 photo' height='128' width='128' \/>\t\t<\/div>\n\t\t\t\t<div class=\"elementor-post__text\">\n\t\t\t\t<h3 class=\"elementor-post__title\">\n\t\t\t<a href=\"https:\/\/www.wyssenavalanche.com\/fr\/bilan-de-lhiver-2024-25\/\" >\n\t\t\t\tBilan de l\u2019hiver 2024\/25\t\t\t<\/a>\n\t\t<\/h3>\n\t\t\t\t<div class=\"elementor-post__excerpt\">\n\t\t\t<p>4475 explosions, pr\u00e8s de 2000 d\u00e9tections d\u2019avalanches et un service 24 heures sur 24, 7 jours sur 7 pour un niveau de s\u00e9curit\u00e9 optimal! La saison d&rsquo;hiver a \u00e9t\u00e9 riche en \u00e9v\u00e9nements. Pour cela, laissons parler les chiffres [&#8230;].<\/p>\n\t\t<\/div>\n\t\t\t\t\t<div class=\"elementor-post__read-more-wrapper\">\n\t\t\n\t\t<a class=\"elementor-post__read-more\" href=\"https:\/\/www.wyssenavalanche.com\/fr\/bilan-de-lhiver-2024-25\/\" aria-label=\"En savoir plus sur Bilan de l\u2019hiver 2024\/25\" tabindex=\"-1\" >\n\t\t\tLire la suite \u00bb\t\t<\/a>\n\n\t\t\t\t\t<\/div>\n\t\t\t\t<\/div>\n\t\t\t\t<div class=\"elementor-post__meta-data\">\n\t\t\t\t\t<span class=\"elementor-post-date\">\n\t\t\t23 mai 2025\t\t<\/span>\n\t\t\t\t<\/div>\n\t\t\t\t\t<\/div>\n\t\t<\/article>\n\t\t\t\t<article class=\"elementor-post elementor-grid-item post-38743 post type-post status-publish format-standard has-post-thumbnail hentry category-nouveautes\" role=\"listitem\">\n\t\t\t<div class=\"elementor-post__card\">\n\t\t\t\t<a class=\"elementor-post__thumbnail__link\" href=\"https:\/\/www.wyssenavalanche.com\/fr\/certifications-iso-14001-et-9001-la-qualite-et-lenvironnement-au-coeur-de-nos-preoccupations\/\" tabindex=\"-1\" ><div class=\"elementor-post__thumbnail\"><img loading=\"lazy\" decoding=\"async\" width=\"795\" height=\"795\" src=\"https:\/\/www.wyssenavalanche.com\/wp-content\/uploads\/2025\/05\/beitragsbild.png\" class=\"attachment-full size-full wp-image-38704\" alt=\"\" srcset=\"https:\/\/www.wyssenavalanche.com\/wp-content\/uploads\/2025\/05\/beitragsbild.png 795w, https:\/\/www.wyssenavalanche.com\/wp-content\/uploads\/2025\/05\/beitragsbild-300x300.png 300w, https:\/\/www.wyssenavalanche.com\/wp-content\/uploads\/2025\/05\/beitragsbild-150x150.png 150w, https:\/\/www.wyssenavalanche.com\/wp-content\/uploads\/2025\/05\/beitragsbild-768x768.png 768w\" sizes=\"(max-width: 795px) 100vw, 795px\" \/><\/div><\/a>\n\t\t\t\t<div class=\"elementor-post__badge\">Nouveaut\u00e9s<\/div>\n\t\t\t\t<div class=\"elementor-post__avatar\">\n\t\t\t<img alt='Nicole Schmid' src='https:\/\/secure.gravatar.com\/avatar\/18b0862fd949ab4e8c6bdd1447bc885b83696a8e9f22e8f0e00018ca7cec2302?s=128&#038;d=mm&#038;r=g' srcset='https:\/\/secure.gravatar.com\/avatar\/18b0862fd949ab4e8c6bdd1447bc885b83696a8e9f22e8f0e00018ca7cec2302?s=256&#038;d=mm&#038;r=g 2x' class='avatar avatar-128 photo' height='128' width='128' \/>\t\t<\/div>\n\t\t\t\t<div class=\"elementor-post__text\">\n\t\t\t\t<h3 class=\"elementor-post__title\">\n\t\t\t<a href=\"https:\/\/www.wyssenavalanche.com\/fr\/certifications-iso-14001-et-9001-la-qualite-et-lenvironnement-au-coeur-de-nos-preoccupations\/\" >\n\t\t\t\tCertifications ISO 14001 et 9001 \u2013 La qualit\u00e9 et l&rsquo;environnement au c\u0153ur de nos pr\u00e9occupations\t\t\t<\/a>\n\t\t<\/h3>\n\t\t\t\t<div class=\"elementor-post__excerpt\">\n\t\t\t<p>Apr\u00e8s avoir obtenu la certification ISO 9001 en 2023, qui souligne notre engagement en faveur d&rsquo;une gestion structur\u00e9e de qualit\u00e9 et orient\u00e9e vers le client, nous franchissons d\u00e9sormais une nouvelle \u00e9tape : la mise en place d&rsquo;un syst\u00e8me de gestion environnementale conforme \u00e0 la norme ISO 14001. [&#8230;]<\/p>\n\t\t<\/div>\n\t\t\t\t\t<div class=\"elementor-post__read-more-wrapper\">\n\t\t\n\t\t<a class=\"elementor-post__read-more\" href=\"https:\/\/www.wyssenavalanche.com\/fr\/certifications-iso-14001-et-9001-la-qualite-et-lenvironnement-au-coeur-de-nos-preoccupations\/\" aria-label=\"En savoir plus sur Certifications ISO 14001 et 9001 \u2013 La qualit\u00e9 et l&rsquo;environnement au c\u0153ur de nos pr\u00e9occupations\" tabindex=\"-1\" >\n\t\t\tLire la suite \u00bb\t\t<\/a>\n\n\t\t\t\t\t<\/div>\n\t\t\t\t<\/div>\n\t\t\t\t<div class=\"elementor-post__meta-data\">\n\t\t\t\t\t<span class=\"elementor-post-date\">\n\t\t\t19 mai 2025\t\t<\/span>\n\t\t\t\t<\/div>\n\t\t\t\t\t<\/div>\n\t\t<\/article>\n\t\t\t\t<\/div>\n\t\t\t\t\t<span class=\"e-load-more-spinner\">\n\t\t\t\t<i aria-hidden=\"true\" class=\"fas fa-spinner\"><\/i>\t\t\t<\/span>\n\t\t\n\t\t\t\t<div class=\"e-load-more-anchor\" data-page=\"1\" data-max-page=\"9\" data-next-page=\"https:\/\/www.wyssenavalanche.com\/fr\/wp-json\/wp\/v2\/pages\/30572\/page\/2\/\"><\/div>\n\t\t\t\t<div class=\"e-load-more-message\">No more posts to show<\/div>\n\t\t\t\t\t\t<\/div>\n\t\t\t\t<\/div>\n\t\t\t\t<div class=\"elementor-element elementor-element-0cea50c elementor-widget elementor-widget-spacer\" data-id=\"0cea50c\" data-element_type=\"widget\" data-e-type=\"widget\" data-widget_type=\"spacer.default\">\n\t\t\t\t<div class=\"elementor-widget-container\">\n\t\t\t\t\t\t\t<div class=\"elementor-spacer\">\n\t\t\t<div class=\"elementor-spacer-inner\"><\/div>\n\t\t<\/div>\n\t\t\t\t\t\t<\/div>\n\t\t\t\t<\/div>\n\t\t\t\t\t<\/div>\n\t\t<\/div>\n\t\t\t\t\t<\/div>\n\t\t<\/section>\n\t\t\t\t<\/div>\n\t\t","protected":false},"excerpt":{"rendered":"<p>Nouvelle halle D Une \u00e9tape importante pour l\u2019avenir Toutes les informationsUne \u00e9tape importante franchie: ISO 27001 Certification s\u00e9curit\u00e9 de l&rsquo;information Toutes les informationsBilan de l\u2019hiver 2024\/25 4&rsquo;475 explosions et pr\u00e8s de 2&rsquo;000 d\u00e9tections d\u2019avalanches dans le monde entier Toutes les informationsLes m\u00e2ts de d\u00e9clenchement d&rsquo;avalanche Wyssen permettent l&rsquo;ouverture rapide des pistes de ski de Snowbird [&hellip;]<\/p>\n","protected":false},"author":10,"featured_media":33762,"parent":0,"menu_order":0,"comment_status":"closed","ping_status":"closed","template":"","meta":{"site-sidebar-layout":"default","site-content-layout":"","ast-site-content-layout":"default","site-content-style":"default","site-sidebar-style":"default","ast-global-header-display":"","ast-banner-title-visibility":"","ast-main-header-display":"","ast-hfb-above-header-display":"","ast-hfb-below-header-display":"","ast-hfb-mobile-header-display":"","site-post-title":"","ast-breadcrumbs-content":"","ast-featured-img":"","footer-sml-layout":"","ast-disable-related-posts":"","theme-transparent-header-meta":"","adv-header-id-meta":"","stick-header-meta":"","header-above-stick-meta":"","header-main-stick-meta":"","header-below-stick-meta":"","astra-migrate-meta-layouts":"default","ast-page-background-enabled":"default","ast-page-background-meta":{"desktop":{"background-color":"var(--ast-global-color-4)","background-image":"","background-repeat":"repeat","background-position":"center center","background-size":"auto","background-attachment":"scroll","background-type":"","background-media":"","overlay-type":"","overlay-color":"","overlay-opacity":"","overlay-gradient":""},"tablet":{"background-color":"","background-image":"","background-repeat":"repeat","background-position":"center center","background-size":"auto","background-attachment":"scroll","background-type":"","background-media":"","overlay-type":"","overlay-color":"","overlay-opacity":"","overlay-gradient":""},"mobile":{"background-color":"","background-image":"","background-repeat":"repeat","background-position":"center center","background-size":"auto","background-attachment":"scroll","background-type":"","background-media":"","overlay-type":"","overlay-color":"","overlay-opacity":"","overlay-gradient":""}},"ast-content-background-meta":{"desktop":{"background-color":"var(--ast-global-color-5)","background-image":"","background-repeat":"repeat","background-position":"center center","background-size":"auto","background-attachment":"scroll","background-type":"","background-media":"","overlay-type":"","overlay-color":"","overlay-opacity":"","overlay-gradient":""},"tablet":{"background-color":"var(--ast-global-color-5)","background-image":"","background-repeat":"repeat","background-position":"center center","background-size":"auto","background-attachment":"scroll","background-type":"","background-media":"","overlay-type":"","overlay-color":"","overlay-opacity":"","overlay-gradient":""},"mobile":{"background-color":"var(--ast-global-color-5)","background-image":"","background-repeat":"repeat","background-position":"center center","background-size":"auto","background-attachment":"scroll","background-type":"","background-media":"","overlay-type":"","overlay-color":"","overlay-opacity":"","overlay-gradient":""}},"footnotes":""},"class_list":["post-30572","page","type-page","status-publish","has-post-thumbnail","hentry"],"yoast_head":"<!-- This site is optimized with the Yoast SEO plugin v27.4 - https:\/\/yoast.com\/product\/yoast-seo-wordpress\/ -->\n<title>Histoires &#8226; Wyssen Avalanche%<\/title>\n<meta name=\"description\" content=\"Tu trouveras ici un aper\u00e7u de nos histoires : des projets de r\u00e9f\u00e9rence int\u00e9ressants, des impressions, des actualit\u00e9s et des vid\u00e9os.\" \/>\n<meta name=\"robots\" content=\"index, follow, max-snippet:-1, max-image-preview:large, max-video-preview:-1\" \/>\n<link rel=\"canonical\" href=\"https:\/\/www.wyssenavalanche.com\/fr\/histoires\/\" \/>\n<meta property=\"og:locale\" content=\"fr_FR\" \/>\n<meta property=\"og:type\" content=\"article\" \/>\n<meta property=\"og:title\" content=\"Histoires &#8226; Wyssen Avalanche%\" \/>\n<meta property=\"og:description\" content=\"Tu trouveras ici un aper\u00e7u de nos histoires : des projets de r\u00e9f\u00e9rence int\u00e9ressants, des impressions, des actualit\u00e9s et des vid\u00e9os.\" \/>\n<meta property=\"og:url\" content=\"https:\/\/www.wyssenavalanche.com\/fr\/histoires\/\" \/>\n<meta property=\"og:site_name\" content=\"Wyssen Avalanche\" \/>\n<meta property=\"article:publisher\" content=\"https:\/\/www.facebook.com\/wyssenavalanche\/\" \/>\n<meta property=\"article:modified_time\" content=\"2026-01-21T14:49:42+00:00\" \/>\n<meta property=\"og:image\" content=\"https:\/\/www.wyssenavalanche.com\/wp-content\/uploads\/2023\/08\/new_ceo_jamie_yount-e1691064768472.jpg\" \/>\n\t<meta property=\"og:image:width\" content=\"1917\" \/>\n\t<meta property=\"og:image:height\" content=\"1920\" \/>\n\t<meta property=\"og:image:type\" content=\"image\/jpeg\" \/>\n<meta name=\"twitter:label1\" content=\"Dur\u00e9e de lecture estim\u00e9e\" \/>\n\t<meta name=\"twitter:data1\" content=\"1 minute\" \/>\n<script type=\"application\/ld+json\" class=\"yoast-schema-graph\">{\"@context\":\"https:\\\/\\\/schema.org\",\"@graph\":[{\"@type\":\"WebPage\",\"@id\":\"https:\\\/\\\/www.wyssenavalanche.com\\\/fr\\\/histoires\\\/\",\"url\":\"https:\\\/\\\/www.wyssenavalanche.com\\\/fr\\\/histoires\\\/\",\"name\":\"Histoires &#8226; Wyssen Avalanche%\",\"isPartOf\":{\"@id\":\"https:\\\/\\\/www.wyssenavalanche.com\\\/#website\"},\"primaryImageOfPage\":{\"@id\":\"https:\\\/\\\/www.wyssenavalanche.com\\\/fr\\\/histoires\\\/#primaryimage\"},\"image\":{\"@id\":\"https:\\\/\\\/www.wyssenavalanche.com\\\/fr\\\/histoires\\\/#primaryimage\"},\"thumbnailUrl\":\"https:\\\/\\\/www.wyssenavalanche.com\\\/wp-content\\\/uploads\\\/2023\\\/08\\\/new_ceo_jamie_yount-e1691064768472.jpg\",\"datePublished\":\"2023-01-17T14:19:10+00:00\",\"dateModified\":\"2026-01-21T14:49:42+00:00\",\"description\":\"Tu trouveras ici un aper\u00e7u de nos histoires : des projets de r\u00e9f\u00e9rence int\u00e9ressants, des impressions, des actualit\u00e9s et des vid\u00e9os.\",\"breadcrumb\":{\"@id\":\"https:\\\/\\\/www.wyssenavalanche.com\\\/fr\\\/histoires\\\/#breadcrumb\"},\"inLanguage\":\"fr-FR\",\"potentialAction\":[{\"@type\":\"ReadAction\",\"target\":[\"https:\\\/\\\/www.wyssenavalanche.com\\\/fr\\\/histoires\\\/\"]}]},{\"@type\":\"ImageObject\",\"inLanguage\":\"fr-FR\",\"@id\":\"https:\\\/\\\/www.wyssenavalanche.com\\\/fr\\\/histoires\\\/#primaryimage\",\"url\":\"https:\\\/\\\/www.wyssenavalanche.com\\\/wp-content\\\/uploads\\\/2023\\\/08\\\/new_ceo_jamie_yount-e1691064768472.jpg\",\"contentUrl\":\"https:\\\/\\\/www.wyssenavalanche.com\\\/wp-content\\\/uploads\\\/2023\\\/08\\\/new_ceo_jamie_yount-e1691064768472.jpg\",\"width\":1917,\"height\":1920,\"caption\":\"stories\"},{\"@type\":\"BreadcrumbList\",\"@id\":\"https:\\\/\\\/www.wyssenavalanche.com\\\/fr\\\/histoires\\\/#breadcrumb\",\"itemListElement\":[{\"@type\":\"ListItem\",\"position\":1,\"name\":\"Home\",\"item\":\"https:\\\/\\\/www.wyssenavalanche.com\\\/fr\\\/wyssen-avalanche-control-ag\\\/\"},{\"@type\":\"ListItem\",\"position\":2,\"name\":\"Histoires\"}]},{\"@type\":\"WebSite\",\"@id\":\"https:\\\/\\\/www.wyssenavalanche.com\\\/#website\",\"url\":\"https:\\\/\\\/www.wyssenavalanche.com\\\/\",\"name\":\"Wyssen Avalanche Control AG\",\"description\":\"\",\"publisher\":{\"@id\":\"https:\\\/\\\/www.wyssenavalanche.com\\\/#organization\"},\"potentialAction\":[{\"@type\":\"SearchAction\",\"target\":{\"@type\":\"EntryPoint\",\"urlTemplate\":\"https:\\\/\\\/www.wyssenavalanche.com\\\/?s={search_term_string}\"},\"query-input\":{\"@type\":\"PropertyValueSpecification\",\"valueRequired\":true,\"valueName\":\"search_term_string\"}}],\"inLanguage\":\"fr-FR\"},{\"@type\":\"Organization\",\"@id\":\"https:\\\/\\\/www.wyssenavalanche.com\\\/#organization\",\"name\":\"Wyssen Avalanche Control AG\",\"url\":\"https:\\\/\\\/www.wyssenavalanche.com\\\/\",\"logo\":{\"@type\":\"ImageObject\",\"inLanguage\":\"fr-FR\",\"@id\":\"https:\\\/\\\/www.wyssenavalanche.com\\\/#\\\/schema\\\/logo\\\/image\\\/\",\"url\":\"https:\\\/\\\/www.wyssenavalanche.com\\\/wp-content\\\/uploads\\\/2021\\\/09\\\/cropped-wyssen_logo_header-1.png\",\"contentUrl\":\"https:\\\/\\\/www.wyssenavalanche.com\\\/wp-content\\\/uploads\\\/2021\\\/09\\\/cropped-wyssen_logo_header-1.png\",\"width\":200,\"height\":31,\"caption\":\"Wyssen Avalanche Control AG\"},\"image\":{\"@id\":\"https:\\\/\\\/www.wyssenavalanche.com\\\/#\\\/schema\\\/logo\\\/image\\\/\"},\"sameAs\":[\"https:\\\/\\\/www.facebook.com\\\/wyssenavalanche\\\/\"]}]}<\/script>\n<!-- \/ Yoast SEO plugin. -->","yoast_head_json":{"title":"Histoires &#8226; Wyssen Avalanche%","description":"Tu trouveras ici un aper\u00e7u de nos histoires : des projets de r\u00e9f\u00e9rence int\u00e9ressants, des impressions, des actualit\u00e9s et des vid\u00e9os.","robots":{"index":"index","follow":"follow","max-snippet":"max-snippet:-1","max-image-preview":"max-image-preview:large","max-video-preview":"max-video-preview:-1"},"canonical":"https:\/\/www.wyssenavalanche.com\/fr\/histoires\/","og_locale":"fr_FR","og_type":"article","og_title":"Histoires &#8226; Wyssen Avalanche%","og_description":"Tu trouveras ici un aper\u00e7u de nos histoires : des projets de r\u00e9f\u00e9rence int\u00e9ressants, des impressions, des actualit\u00e9s et des vid\u00e9os.","og_url":"https:\/\/www.wyssenavalanche.com\/fr\/histoires\/","og_site_name":"Wyssen Avalanche","article_publisher":"https:\/\/www.facebook.com\/wyssenavalanche\/","article_modified_time":"2026-01-21T14:49:42+00:00","og_image":[{"width":1917,"height":1920,"url":"https:\/\/www.wyssenavalanche.com\/wp-content\/uploads\/2023\/08\/new_ceo_jamie_yount-e1691064768472.jpg","type":"image\/jpeg"}],"twitter_misc":{"Dur\u00e9e de lecture estim\u00e9e":"1 minute"},"schema":{"@context":"https:\/\/schema.org","@graph":[{"@type":"WebPage","@id":"https:\/\/www.wyssenavalanche.com\/fr\/histoires\/","url":"https:\/\/www.wyssenavalanche.com\/fr\/histoires\/","name":"Histoires &#8226; Wyssen Avalanche%","isPartOf":{"@id":"https:\/\/www.wyssenavalanche.com\/#website"},"primaryImageOfPage":{"@id":"https:\/\/www.wyssenavalanche.com\/fr\/histoires\/#primaryimage"},"image":{"@id":"https:\/\/www.wyssenavalanche.com\/fr\/histoires\/#primaryimage"},"thumbnailUrl":"https:\/\/www.wyssenavalanche.com\/wp-content\/uploads\/2023\/08\/new_ceo_jamie_yount-e1691064768472.jpg","datePublished":"2023-01-17T14:19:10+00:00","dateModified":"2026-01-21T14:49:42+00:00","description":"Tu trouveras ici un aper\u00e7u de nos histoires : des projets de r\u00e9f\u00e9rence int\u00e9ressants, des impressions, des actualit\u00e9s et des vid\u00e9os.","breadcrumb":{"@id":"https:\/\/www.wyssenavalanche.com\/fr\/histoires\/#breadcrumb"},"inLanguage":"fr-FR","potentialAction":[{"@type":"ReadAction","target":["https:\/\/www.wyssenavalanche.com\/fr\/histoires\/"]}]},{"@type":"ImageObject","inLanguage":"fr-FR","@id":"https:\/\/www.wyssenavalanche.com\/fr\/histoires\/#primaryimage","url":"https:\/\/www.wyssenavalanche.com\/wp-content\/uploads\/2023\/08\/new_ceo_jamie_yount-e1691064768472.jpg","contentUrl":"https:\/\/www.wyssenavalanche.com\/wp-content\/uploads\/2023\/08\/new_ceo_jamie_yount-e1691064768472.jpg","width":1917,"height":1920,"caption":"stories"},{"@type":"BreadcrumbList","@id":"https:\/\/www.wyssenavalanche.com\/fr\/histoires\/#breadcrumb","itemListElement":[{"@type":"ListItem","position":1,"name":"Home","item":"https:\/\/www.wyssenavalanche.com\/fr\/wyssen-avalanche-control-ag\/"},{"@type":"ListItem","position":2,"name":"Histoires"}]},{"@type":"WebSite","@id":"https:\/\/www.wyssenavalanche.com\/#website","url":"https:\/\/www.wyssenavalanche.com\/","name":"Wyssen Avalanche Control AG","description":"","publisher":{"@id":"https:\/\/www.wyssenavalanche.com\/#organization"},"potentialAction":[{"@type":"SearchAction","target":{"@type":"EntryPoint","urlTemplate":"https:\/\/www.wyssenavalanche.com\/?s={search_term_string}"},"query-input":{"@type":"PropertyValueSpecification","valueRequired":true,"valueName":"search_term_string"}}],"inLanguage":"fr-FR"},{"@type":"Organization","@id":"https:\/\/www.wyssenavalanche.com\/#organization","name":"Wyssen Avalanche Control AG","url":"https:\/\/www.wyssenavalanche.com\/","logo":{"@type":"ImageObject","inLanguage":"fr-FR","@id":"https:\/\/www.wyssenavalanche.com\/#\/schema\/logo\/image\/","url":"https:\/\/www.wyssenavalanche.com\/wp-content\/uploads\/2021\/09\/cropped-wyssen_logo_header-1.png","contentUrl":"https:\/\/www.wyssenavalanche.com\/wp-content\/uploads\/2021\/09\/cropped-wyssen_logo_header-1.png","width":200,"height":31,"caption":"Wyssen Avalanche Control AG"},"image":{"@id":"https:\/\/www.wyssenavalanche.com\/#\/schema\/logo\/image\/"},"sameAs":["https:\/\/www.facebook.com\/wyssenavalanche\/"]}]}},"_links":{"self":[{"href":"https:\/\/www.wyssenavalanche.com\/fr\/wp-json\/wp\/v2\/pages\/30572","targetHints":{"allow":["GET"]}}],"collection":[{"href":"https:\/\/www.wyssenavalanche.com\/fr\/wp-json\/wp\/v2\/pages"}],"about":[{"href":"https:\/\/www.wyssenavalanche.com\/fr\/wp-json\/wp\/v2\/types\/page"}],"author":[{"embeddable":true,"href":"https:\/\/www.wyssenavalanche.com\/fr\/wp-json\/wp\/v2\/users\/10"}],"replies":[{"embeddable":true,"href":"https:\/\/www.wyssenavalanche.com\/fr\/wp-json\/wp\/v2\/comments?post=30572"}],"version-history":[{"count":16,"href":"https:\/\/www.wyssenavalanche.com\/fr\/wp-json\/wp\/v2\/pages\/30572\/revisions"}],"predecessor-version":[{"id":41383,"href":"https:\/\/www.wyssenavalanche.com\/fr\/wp-json\/wp\/v2\/pages\/30572\/revisions\/41383"}],"wp:featuredmedia":[{"embeddable":true,"href":"https:\/\/www.wyssenavalanche.com\/fr\/wp-json\/wp\/v2\/media\/33762"}],"wp:attachment":[{"href":"https:\/\/www.wyssenavalanche.com\/fr\/wp-json\/wp\/v2\/media?parent=30572"}],"curies":[{"name":"wp","href":"https:\/\/api.w.org\/{rel}","templated":true}]}}